{"id":544,"date":"2022-03-22T08:30:49","date_gmt":"2022-03-22T07:30:49","guid":{"rendered":"http:\/\/buczkowski.eu\/?page_id=544"},"modified":"2022-03-22T08:30:49","modified_gmt":"2022-03-22T07:30:49","slug":"mediacje-mediator","status":"publish","type":"page","link":"https:\/\/buczkowski.ovh\/?page_id=544","title":{"rendered":"Prawie prawdziwe"},"content":{"rendered":"\n<p><strong>Informacyjny chaos<\/strong><\/p>\n\n\n\n<p>\u017byjemy w ERZE INFORMACJI, kt\u00f3ra powoli staje si\u0119 czasem powodzi dezinformacyjnej, poniewa\u017c jeste\u015bmy dos\u0142ownie i w przeno\u015bni zalewani w r\u00f3wnej mierze prawdziwymi co fa\u0142szywymi informacjami.<br>Ogromn\u0105 rol\u0119 w tych procesach odgrywa oczywi\u015bcie rozw\u00f3j technologiczny oraz powszechno\u015b\u0107 urz\u0105dze\u0144, kt\u00f3re dostarczaj\u0105 nam przetworzone dane, czyli rzeczone informacje, 24 godziny na dob\u0119. Oswojone w poprzednich wiekach wynalazki takie jak telefon, telewizor, a nawet zegarek dzi\u0119ki po\u0142\u0105czeniu z Internetem zyska\u0142y nowe funkcjonalno\u015bci. M\u00f3wi si\u0119, \u017ce sta\u0142y si\u0119 SMART czyli inteligentne. Ponadto rodz\u0105ca si\u0119 na naszych oczach sztuczna inteligencja w opiniach wielu przedsi\u0119biorc\u00f3w i naukowc\u00f3w niesie kolejne zagro\u017cenia.<br><\/p>\n\n\n\n<p>Musimy zatem ca\u0142y czas pami\u0119ta\u0107, \u017ce post\u0119p technologiczny, czyli tak\u017ce Internet, ma dwie strony medalu \u2013 jasna i ciemn\u0105, czyli dobr\u0105 i z\u0142\u0105. Dzi\u0119ki tej jasnej stronie zyskujemy nieograniczone mo\u017cliwo\u015bci komunikacyjne i poznawcze, nowe funkcjonalno\u015bci pozwalaj\u0105 nam np. monitorowa\u0107 t\u0119tno i zdalnie wezwa\u0107 pomoc, kupowa\u0107 produkty i us\u0142ugi bez wychodzenia z domu czy uczy\u0107 si\u0119 zdalnie w czasie choroby. Niestety istnieje tak\u017ce ciemna strona, a jej przedstawiciele poprzez fa\u0142szywe komunikaty lub wiadomo\u015bci pozorowane na prawdziwe, pr\u00f3buj\u0105 wp\u0142ywa\u0107 na nasze opinie i postawy.<br><\/p>\n\n\n\n<p><strong>Media tradycyjne i cyfrowe <\/strong><\/p>\n\n\n\n<p>Internet oraz ogromna popularno\u015b\u0107 wirtualnych platform spo\u0142eczno\u015bciowych sprawia, \u017ce wielu u\u017cytkownik\u00f3w korzysta z tych narz\u0119dzi w spos\u00f3b niew\u0142a\u015bciwy i nieetyczny. Jeste\u015bmy bowiem \u015bwiadkami wybi\u00f3rczego i skrajnie subiektywnego kreowania obrazu rzeczywisto\u015bci i jednostronnego t\u0142umaczenia zdarze\u0144 czy fakt\u00f3w. Powy\u017csze dotyczy tak\u017ce dziennikarzy, kt\u00f3rym, jak wynika z bada\u0144, przyzwyczaili\u015bmy si\u0119 ufa\u0107 , a dzi\u015b cz\u0119\u015b\u0107 z nich, niestety, aktywnie uczestniczy w procesach dezinformacji. Niekiedy bardzo trudno jest wy\u0142apa\u0107 te sprytnie poukrywane i subtelne zmiany, np. kontekstu czy wykorzystanej techniki wywierania wp\u0142ywu.<br><\/p>\n\n\n\n<p><strong>Fake-newsy w przestrzeni informacyjnej <\/strong><\/p>\n\n\n\n<p>Ponadto coraz cz\u0119\u015bciej upubliczniane s\u0105 informacje fa\u0142szywe, czyli niezgodne z faktycznym stanem rzeczy, czyli tzw. \u201efake newsy\u201d. Nale\u017cy pami\u0119ta\u0107, \u017ce k\u0142amstwo w \u017cyciu prywatnym rodzi nasz\u0105 nieufno\u015b\u0107 wobec k\u0142amcy, a fake-news oraz dezinformacja w \u017cyciu publicznym podwa\u017ca zaufanie do rzetelnych medi\u00f3w (tradycyjnych i cyfrowych), instytucji oraz urz\u0119d\u00f3w publicznych, a tym samym szkodzi przejrzysto\u015bci<br>i demokratyzacji \u017cycia poniewa\u017c komplikuje i utrudnia obywatelom podejmowanie \u015bwiadomych decyzji.<br>Szkody wyrz\u0105dzane przez \u201efake-newsy\u201d oraz dezinformacj\u0119 s\u0105 ogromne i kosztowne. Ponadto inicjuj\u0105 szereg kolejnych zjawisk spo\u0142ecznych, a ich konsekwencj\u0105 s\u0105 b\u0142\u0119dne decyzje i konkretne straty finansowe, wizerunkowe, a nawet zdrowotne.<br><\/p>\n\n\n\n<p><strong>Memy &#8211; czy tylko \u015bmiesz\u0105?<\/strong><\/p>\n\n\n\n<p>Dotykaj\u0105c zagadnienia dezinformacji, nale\u017cy r\u00f3wnie\u017c poruszy\u0107 wykorzystanie \u017cartu i satyry w procesach kszta\u0142towania opinii poprzez o\u015bmieszanie, pi\u0119tnowanie, generalizowanie czy wyolbrzymianie. Krytyczne wypowiedzi przyjmuj\u0105ce form\u0119 satyryczn\u0105 towarzysz\u0105 ludzko\u015bci od zarania dziej\u00f3w, jednak ponownie z uwagi na b\u0142yskawiczno\u015b\u0107 i powszechno\u015b\u0107 Internetu, w tym g\u0142\u00f3wnie medi\u00f3w spo\u0142eczno\u015bciowych sta\u0142y si\u0119 powa\u017cnym narz\u0119dziem tak po\u015bredniego, jak i bezpo\u015bredniego wp\u0142ywania na opinie<br>i postawy odbiorc\u00f3w, a kluczow\u0105 rol\u0119 w tym obszarze odgrywa stosunkowo nowa forma przekazu okre\u015blana jako \u201emem\u201d.<br><\/p>\n\n\n\n<p><strong>Tarcza ochronna przed dezinformacj\u0105 <\/strong><\/p>\n\n\n\n<p>Podstaw\u0105 przygotowania siebie do obrony przed zgubnym dzia\u0142aniem \u201efake-news\u00f3w\u201d i szkodliwej dezinformacji jest przede wszystkim \u015bwiadomo\u015b\u0107 zagro\u017cenia. Ona jest pocz\u0105tkiem i katalizatorem kolejnych dzia\u0142a\u0144, czyli np. pozyskiwania wiedzy na temat weryfikowania \u017ar\u00f3de\u0142 czy nauk\u0105 krytycznego my\u015blenia, kt\u00f3re pomog\u0105 ochroni\u0107 nas przed negatywnymi konsekwencjami. <\/p>\n\n\n\n<p><strong>Pami\u0119tajmy \u2013 \u201efake news\u201d to gro\u017ane zjawisko, poniewa\u017c stanowi realne zagro\u017cenie kreowania opinii publicznej w spos\u00f3b sprzeczny z prawd\u0105.<\/strong><\/p>\n\n\n\n<p>Wi\u0119cej informacji w bezp\u0142atnej broszurze, kt\u00f3r\u0105 mo\u017cna pobra\u0107 tutaj<\/p>\n\n\n\n<figure class=\"wp-block-image size-large is-resized\"><img loading=\"lazy\" decoding=\"async\" src=\"http:\/\/buczkowski.eu\/wp-content\/uploads\/2023\/06\/okladka_weryfikacja_kb_2023-1-724x1024.jpg\" alt=\"\" class=\"wp-image-649\" width=\"217\" height=\"307\"\/><\/figure>\n\n\n\n<div class=\"wp-block-file\"><a id=\"wp-block-file--media-e61510ec-e4c3-4570-93b5-a783555d192d\" href=\"http:\/\/buczkowski.eu\/wp-content\/uploads\/2023\/06\/weryfikacja-informacji-w-czasach-fake-news-2023-K-Buczkowski-broszura-OK.pdf\">weryfikacja-informacji-w-czasach-fake-news-2023-K-Buczkowski-broszura-OK<\/a><a href=\"http:\/\/buczkowski.eu\/wp-content\/uploads\/2023\/06\/weryfikacja-informacji-w-czasach-fake-news-2023-K-Buczkowski-broszura-OK.pdf\" class=\"wp-block-file__button\" download aria-describedby=\"wp-block-file--media-e61510ec-e4c3-4570-93b5-a783555d192d\">Pobierz<\/a><\/div>\n\n\n\n<p>Broszura powsta\u0142a w ramach projektu dofinansowanego przez Fundusz Grantowy dla P\u0142ocka www.fundusz-grantowy.pl<\/p>\n\n\n\n<p>oraz w Poradniku dedykowanym seniorom (przyjazna du\u017ca czcionka) pt. <strong>Prawie prawdziwe<\/strong> &#8211; ju\u017c do zakupienia w wybranych ksi\u0119garniach internetowych, np. <a href=\"http:\/\/www.empik.com\">www.empik.com<\/a> . <br><img loading=\"lazy\" decoding=\"async\" width=\"200\" height=\"260\" class=\"wp-image-676\" style=\"width: 200px;\" src=\"https:\/\/buczkowski.ovh\/wp-content\/uploads\/2024\/02\/prawie_prawdziwe_promocja_ok-scaled-1.jpg\" alt=\"\" srcset=\"https:\/\/buczkowski.ovh\/wp-content\/uploads\/2024\/02\/prawie_prawdziwe_promocja_ok-scaled-1.jpg 1967w, https:\/\/buczkowski.ovh\/wp-content\/uploads\/2024\/02\/prawie_prawdziwe_promocja_ok-scaled-1-231x300.jpg 231w, https:\/\/buczkowski.ovh\/wp-content\/uploads\/2024\/02\/prawie_prawdziwe_promocja_ok-scaled-1-787x1024.jpg 787w, https:\/\/buczkowski.ovh\/wp-content\/uploads\/2024\/02\/prawie_prawdziwe_promocja_ok-scaled-1-768x1000.jpg 768w, https:\/\/buczkowski.ovh\/wp-content\/uploads\/2024\/02\/prawie_prawdziwe_promocja_ok-scaled-1-1180x1536.jpg 1180w, https:\/\/buczkowski.ovh\/wp-content\/uploads\/2024\/02\/prawie_prawdziwe_promocja_ok-scaled-1-1574x2048.jpg 1574w\" sizes=\"auto, (max-width: 200px) 100vw, 200px\" \/><\/p>\n","protected":false},"excerpt":{"rendered":"<p>Informacyjny chaos \u017byjemy w ERZE INFORMACJI, kt\u00f3ra powoli staje si\u0119 czasem powodzi dezinformacyjnej, poniewa\u017c jeste\u015bmy dos\u0142ownie i w przeno\u015bni zalewani w r\u00f3wnej mierze prawdziwymi co fa\u0142szywymi informacjami.Ogromn\u0105 rol\u0119 w tych procesach odgrywa oczywi\u015bcie rozw\u00f3j technologiczny oraz powszechno\u015b\u0107 urz\u0105dze\u0144, kt\u00f3re dostarczaj\u0105 nam przetworzone dane, czyli rzeczone informacje, 24 godziny na dob\u0119. Oswojone w poprzednich wiekach wynalazki&hellip;<\/p>\n<p class=\"more-link\"><a href=\"https:\/\/buczkowski.ovh\/?page_id=544\" class=\"themebutton2\">Read More<\/a><\/p>\n","protected":false},"author":2,"featured_media":0,"parent":0,"menu_order":0,"comment_status":"closed","ping_status":"closed","template":"","meta":{"footnotes":""},"class_list":["post-544","page","type-page","status-publish","hentry"],"_links":{"self":[{"href":"https:\/\/buczkowski.ovh\/index.php?rest_route=\/wp\/v2\/pages\/544","targetHints":{"allow":["GET"]}}],"collection":[{"href":"https:\/\/buczkowski.ovh\/index.php?rest_route=\/wp\/v2\/pages"}],"about":[{"href":"https:\/\/buczkowski.ovh\/index.php?rest_route=\/wp\/v2\/types\/page"}],"author":[{"embeddable":true,"href":"https:\/\/buczkowski.ovh\/index.php?rest_route=\/wp\/v2\/users\/2"}],"replies":[{"embeddable":true,"href":"https:\/\/buczkowski.ovh\/index.php?rest_route=%2Fwp%2Fv2%2Fcomments&post=544"}],"version-history":[{"count":0,"href":"https:\/\/buczkowski.ovh\/index.php?rest_route=\/wp\/v2\/pages\/544\/revisions"}],"wp:attachment":[{"href":"https:\/\/buczkowski.ovh\/index.php?rest_route=%2Fwp%2Fv2%2Fmedia&parent=544"}],"curies":[{"name":"wp","href":"https:\/\/api.w.org\/{rel}","templated":true}]}}